{"id":2117,"date":"2021-01-19T18:01:26","date_gmt":"2021-01-19T18:01:26","guid":{"rendered":"https:\/\/fustesprat.cat\/productos\/taulers-de-fibres-mdf\/"},"modified":"2021-03-11T08:49:03","modified_gmt":"2021-03-11T08:49:03","slug":"taulers-de-fibres-mdf","status":"publish","type":"productos","link":"https:\/\/fustesprat.cat\/ca\/productes\/taulers-de-fibres-mdf\/","title":{"rendered":"Taulers de fibres mdf"},"content":{"rendered":"\t\t<div data-elementor-type=\"wp-post\" data-elementor-id=\"2117\" class=\"elementor elementor-2117 elementor-368\">\n\t\t\t\t\t\t<div class=\"elementor-inner\">\n\t\t\t\t<div class=\"elementor-section-wrap\">\n\t\t\t\t\t\t\t\t\t<section class=\"elementor-section elementor-top-section elementor-element elementor-element-2ceedcfe elementor-section-boxed elementor-section-height-default elementor-section-height-default\" data-id=\"2ceedcfe\" data-element_type=\"section\">\n\t\t\t\t\t\t<div class=\"elementor-container elementor-column-gap-default\">\n\t\t\t\t\t\t\t<div class=\"elementor-row\">\n\t\t\t\t\t<div class=\"elementor-column elementor-col-100 elementor-top-column elementor-element elementor-element-7e61c44b\" data-id=\"7e61c44b\" data-element_type=\"column\">\n\t\t\t<div class=\"elementor-column-wrap elementor-element-populated\">\n\t\t\t\t\t\t\t<div class=\"elementor-widget-wrap\">\n\t\t\t\t\t\t<div class=\"elementor-element elementor-element-194d01fb eael-dual-header-content-align-center elementor-widget elementor-widget-eael-dual-color-header\" data-id=\"194d01fb\" data-element_type=\"widget\" data-widget_type=\"eael-dual-color-header.default\">\n\t\t\t\t<div class=\"elementor-widget-container\">\n\t\t\t\t\t\t<div class=\"eael-dual-header\">\n\t\t\t\t<h1 class=\"title\"><span class=\"lead solid-color\">Taulers<\/span> <span>de fibres mdf<\/span><\/h1>\t\t\t\t<span class=\"subtext\"><\/span>\n\t\t\t\t\t\t\t\t\t<span class=\"eael-dch-svg-icon\"><\/span>\t\t\t\t\t\t\t<\/div>\n\n\t\t\t\t<\/div>\n\t\t\t\t<\/div>\n\t\t\t\t\t\t<\/div>\n\t\t\t\t\t<\/div>\n\t\t<\/div>\n\t\t\t\t\t\t\t\t<\/div>\n\t\t\t\t\t<\/div>\n\t\t<\/section>\n\t\t\t\t<section class=\"elementor-section elementor-top-section elementor-element elementor-element-0235ad5 elementor-section-boxed elementor-section-height-default elementor-section-height-default\" data-id=\"0235ad5\" data-element_type=\"section\">\n\t\t\t\t\t\t<div class=\"elementor-container elementor-column-gap-default\">\n\t\t\t\t\t\t\t<div class=\"elementor-row\">\n\t\t\t\t\t<div class=\"elementor-column elementor-col-100 elementor-top-column elementor-element elementor-element-ecadd7d\" data-id=\"ecadd7d\" data-element_type=\"column\">\n\t\t\t<div class=\"elementor-column-wrap elementor-element-populated\">\n\t\t\t\t\t\t\t<div class=\"elementor-widget-wrap\">\n\t\t\t\t\t\t<div class=\"elementor-element elementor-element-628fd91 elementor-widget elementor-widget-text-editor\" data-id=\"628fd91\" data-element_type=\"widget\" data-widget_type=\"text-editor.default\">\n\t\t\t\t<div class=\"elementor-widget-container\">\n\t\t\t\t\t\t\t\t<div class=\"elementor-text-editor elementor-clearfix\">\n\t\t\t\t<p>El MDF (Tauler de fibra de mitjana densitat), tamb\u00e9 conegut com DM, \u00e9s un tauler dissenyat i produ\u00eft a partir de fibres de fusta i resines sint\u00e8tiques, premsades a elevada pressi\u00f3 i calor. T\u00e9 una major densitat que l&#8217;aglomerat o el tauler contraxapat, que oscil\u00b7la entre els 600 i els 800 kg \/ m<sup>3<\/sup> aproximadament. \u00c9s de color uniforme, molt estable i perfecte i ideal per a mecanitzar.<\/p>\n<p>Podem trobar MDF amb diferents caracter\u00edstiques, segons la fabricaci\u00f3 i els additius utilitzats, com s\u00f3n el MDF est\u00e0ndard, el MDF hidr\u00f2fug o el Ign\u00edfug.<\/p>\n\t\t\t\t\t<\/div>\n\t\t\t\t\t\t<\/div>\n\t\t\t\t<\/div>\n\t\t\t\t\t\t<\/div>\n\t\t\t\t\t<\/div>\n\t\t<\/div>\n\t\t\t\t\t\t\t\t<\/div>\n\t\t\t\t\t<\/div>\n\t\t<\/section>\n\t\t\t\t<section class=\"elementor-section elementor-top-section elementor-element elementor-element-b7b26b4 elementor-section-boxed elementor-section-height-default elementor-section-height-default\" data-id=\"b7b26b4\" data-element_type=\"section\">\n\t\t\t\t\t\t<div class=\"elementor-container elementor-column-gap-default\">\n\t\t\t\t\t\t\t<div class=\"elementor-row\">\n\t\t\t\t\t<div class=\"elementor-column elementor-col-100 elementor-top-column elementor-element elementor-element-1c1d298\" data-id=\"1c1d298\" data-element_type=\"column\">\n\t\t\t<div class=\"elementor-column-wrap elementor-element-populated\">\n\t\t\t\t\t\t\t<div class=\"elementor-widget-wrap\">\n\t\t\t\t\t\t<div class=\"elementor-element elementor-element-3f4b572 tituloListaMadera elementor-widget elementor-widget-heading\" data-id=\"3f4b572\" data-element_type=\"widget\" data-widget_type=\"heading.default\">\n\t\t\t\t<div class=\"elementor-widget-container\">\n\t\t\t<div class=\"elementor-heading-title elementor-size-default\">Disposem de :<\/div>\t\t<\/div>\n\t\t\t\t<\/div>\n\t\t\t\t<div class=\"elementor-element elementor-element-f16df5a listadoMadera elementor-icon-list--layout-traditional elementor-list-item-link-full_width elementor-widget elementor-widget-icon-list\" data-id=\"f16df5a\" data-element_type=\"widget\" data-widget_type=\"icon-list.default\">\n\t\t\t\t<div class=\"elementor-widget-container\">\n\t\t\t\t\t<ul class=\"elementor-icon-list-items\">\n\t\t\t\t\t\t\t<li class=\"elementor-icon-list-item\">\n\t\t\t\t\t\t\t\t\t\t\t<a href=\"#estandar\">\n\n\t\t\t\t\t\t\t\t\t\t\t\t<span class=\"elementor-icon-list-icon\">\n\t\t\t\t\t\t\t<i aria-hidden=\"true\" class=\"fas fa-check-circle\"><\/i>\t\t\t\t\t\t<\/span>\n\t\t\t\t\t\t\t\t\t\t<span class=\"elementor-icon-list-text\">Tauler de fibra de mitja densitat est\u00e0ndard<\/span>\n\t\t\t\t\t\t\t\t\t\t\t<\/a>\n\t\t\t\t\t\t\t\t\t<\/li>\n\t\t\t\t\t\t\t\t<li class=\"elementor-icon-list-item\">\n\t\t\t\t\t\t\t\t\t\t\t<a href=\"#delgado\">\n\n\t\t\t\t\t\t\t\t\t\t\t\t<span class=\"elementor-icon-list-icon\">\n\t\t\t\t\t\t\t<i aria-hidden=\"true\" class=\"fas fa-check-circle\"><\/i>\t\t\t\t\t\t<\/span>\n\t\t\t\t\t\t\t\t\t\t<span class=\"elementor-icon-list-text\">Tauler de fibra de mitja densitat prim est\u00e0ndard<\/span>\n\t\t\t\t\t\t\t\t\t\t\t<\/a>\n\t\t\t\t\t\t\t\t\t<\/li>\n\t\t\t\t\t\t\t\t<li class=\"elementor-icon-list-item\">\n\t\t\t\t\t\t\t\t\t\t\t<a href=\"#hidrofugo\">\n\n\t\t\t\t\t\t\t\t\t\t\t\t<span class=\"elementor-icon-list-icon\">\n\t\t\t\t\t\t\t<i aria-hidden=\"true\" class=\"fas fa-check-circle\"><\/i>\t\t\t\t\t\t<\/span>\n\t\t\t\t\t\t\t\t\t\t<span class=\"elementor-icon-list-text\">MDF hidr\u00f2fug resistent a la humitat<\/span>\n\t\t\t\t\t\t\t\t\t\t\t<\/a>\n\t\t\t\t\t\t\t\t\t<\/li>\n\t\t\t\t\t\t\t\t<li class=\"elementor-icon-list-item\">\n\t\t\t\t\t\t\t\t\t\t\t<a href=\"#firax\">\n\n\t\t\t\t\t\t\t\t\t\t\t\t<span class=\"elementor-icon-list-icon\">\n\t\t\t\t\t\t\t<i aria-hidden=\"true\" class=\"fas fa-check-circle\"><\/i>\t\t\t\t\t\t<\/span>\n\t\t\t\t\t\t\t\t\t\t<span class=\"elementor-icon-list-text\">Fibra ign\u00edfuga FIRAX\u00ae I FIRAX\u00ae L retardant a el foc<\/span>\n\t\t\t\t\t\t\t\t\t\t\t<\/a>\n\t\t\t\t\t\t\t\t\t<\/li>\n\t\t\t\t\t\t\t\t<li class=\"elementor-icon-list-item\">\n\t\t\t\t\t\t\t\t\t\t\t<a href=\"#fibracolour\">\n\n\t\t\t\t\t\t\t\t\t\t\t\t<span class=\"elementor-icon-list-icon\">\n\t\t\t\t\t\t\t<i aria-hidden=\"true\" class=\"fas fa-check-circle\"><\/i>\t\t\t\t\t\t<\/span>\n\t\t\t\t\t\t\t\t\t\t<span class=\"elementor-icon-list-text\">Fibracolour negro<\/span>\n\t\t\t\t\t\t\t\t\t\t\t<\/a>\n\t\t\t\t\t\t\t\t\t<\/li>\n\t\t\t\t\t\t<\/ul>\n\t\t\t\t<\/div>\n\t\t\t\t<\/div>\n\t\t\t\t\t\t<\/div>\n\t\t\t\t\t<\/div>\n\t\t<\/div>\n\t\t\t\t\t\t\t\t<\/div>\n\t\t\t\t\t<\/div>\n\t\t<\/section>\n\t\t\t\t<section class=\"elementor-section elementor-top-section elementor-element elementor-element-8af8b59 elementor-section-boxed elementor-section-height-default elementor-section-height-default\" data-id=\"8af8b59\" data-element_type=\"section\">\n\t\t\t\t\t\t<div class=\"elementor-container elementor-column-gap-default\">\n\t\t\t\t\t\t\t<div class=\"elementor-row\">\n\t\t\t\t\t<div class=\"elementor-column elementor-col-100 elementor-top-column elementor-element elementor-element-bfe46eb\" data-id=\"bfe46eb\" data-element_type=\"column\">\n\t\t\t<div class=\"elementor-column-wrap elementor-element-populated\">\n\t\t\t\t\t\t\t<div class=\"elementor-widget-wrap\">\n\t\t\t\t\t\t<div class=\"elementor-element elementor-element-0df9d97 elementor-widget elementor-widget-uael-advanced-heading\" data-id=\"0df9d97\" data-element_type=\"widget\" id=\"estandar\" data-widget_type=\"uael-advanced-heading.default\">\n\t\t\t\t<div class=\"elementor-widget-container\">\n\t\t\t\r\n\t\t<div class=\"uael-module-content uael-heading-wrapper\">\r\n\t\t\t\t\t\t\r\n\t\t\t<h2 class=\"uael-heading\">\r\n\t\t\t\t\t\t\t\t\t\t<span class=\"uael-heading-text elementor-inline-editing uael-size--default\" data-elementor-setting-key=\"heading_title\" data-elementor-inline-editing-toolbar=\"basic\">TAULER DE FIBRA DE MITJA DENSITAT EST\u00c0NDARD<\/span>\r\n\t\t\t\t\t\t\t<\/h2>\r\n\r\n\t\t\t\r\n\t\t\t\t\t\t<div class=\"uael-module-content uael-separator-parent\">\r\n\t\t\t\t\t\t\t\t\t\t\t\t\t<div class=\"uael-separator\"><\/div>\r\n\t\t\t\t\t\t\t<\/div>\r\n\t\t\t\r\n\t\t\t\r\n\t\t\t\t\t\t<\/div>\r\n\t\t\t\t<\/div>\n\t\t\t\t<\/div>\n\t\t\t\t\t\t<\/div>\n\t\t\t\t\t<\/div>\n\t\t<\/div>\n\t\t\t\t\t\t\t\t<\/div>\n\t\t\t\t\t<\/div>\n\t\t<\/section>\n\t\t\t\t<section class=\"elementor-section elementor-top-section elementor-element elementor-element-613dd2a6 elementor-section-boxed elementor-section-height-default elementor-section-height-default\" data-id=\"613dd2a6\" data-element_type=\"section\">\n\t\t\t\t\t\t<div class=\"elementor-container elementor-column-gap-default\">\n\t\t\t\t\t\t\t<div class=\"elementor-row\">\n\t\t\t\t\t<div class=\"elementor-column elementor-col-66 elementor-top-column elementor-element elementor-element-22de0a42\" data-id=\"22de0a42\" data-element_type=\"column\">\n\t\t\t<div class=\"elementor-column-wrap elementor-element-populated\">\n\t\t\t\t\t\t\t<div class=\"elementor-widget-wrap\">\n\t\t\t\t\t\t<div class=\"elementor-element elementor-element-7b9fbcf9 elementor-widget elementor-widget-text-editor\" data-id=\"7b9fbcf9\" data-element_type=\"widget\" data-widget_type=\"text-editor.default\">\n\t\t\t\t<div class=\"elementor-widget-container\">\n\t\t\t\t\t\t\t\t<div class=\"elementor-text-editor elementor-clearfix\">\n\t\t\t\t<p><strong>El MDF Est\u00e0ndard \u00e9s un tauler per a \u00fas en interiors en condicions de sec.<\/strong><br \/>\nPolit per oferir una superf\u00edcie llisa ideal per lacar i envernissar. Nivell baix d&#8217;inflament i bona durabilitat.<\/p>\n<p>Classe d&#8217;emissions: E1. En cas de voler emissions com el CARB2 o el NAF, consultar.<\/p>\n\t\t\t\t\t<\/div>\n\t\t\t\t\t\t<\/div>\n\t\t\t\t<\/div>\n\t\t\t\t<div class=\"elementor-element elementor-element-42b8aec elementor-widget elementor-widget-text-editor\" data-id=\"42b8aec\" data-element_type=\"widget\" data-widget_type=\"text-editor.default\">\n\t\t\t\t<div class=\"elementor-widget-container\">\n\t\t\t\t\t\t\t\t<div class=\"elementor-text-editor elementor-clearfix\">\n\t\t\t\t<h3>Aplicacions<\/h3>\n<p>MDF s&#8217;empra en diferents revestiments &#8211; xapats, laminats, pintats i envernissats, i en sectors com la fabricaci\u00f3 de mobles, cuines, plafonats de portes, fabricaci\u00f3 de motllures, i estands de fires, entre d&#8217;altres. El MDF pot emprar-se tamb\u00e9 com a material de construcci\u00f3 com a substitutiu de la fusta en parets, sostres o separadors sense c\u00e0rrega<\/p>\n\t\t\t\t\t<\/div>\n\t\t\t\t\t\t<\/div>\n\t\t\t\t<\/div>\n\t\t\t\t\t\t<\/div>\n\t\t\t\t\t<\/div>\n\t\t<\/div>\n\t\t\t\t<div class=\"elementor-column elementor-col-33 elementor-top-column elementor-element elementor-element-1e86bb9f\" data-id=\"1e86bb9f\" data-element_type=\"column\">\n\t\t\t<div class=\"elementor-column-wrap elementor-element-populated\">\n\t\t\t\t\t\t\t<div class=\"elementor-widget-wrap\">\n\t\t\t\t\t\t<div class=\"elementor-element elementor-element-18eb7640 elementor-widget elementor-widget-image\" data-id=\"18eb7640\" data-element_type=\"widget\" data-widget_type=\"image.default\">\n\t\t\t\t<div class=\"elementor-widget-container\">\n\t\t\t\t\t\t\t\t<div class=\"elementor-image\">\n\t\t\t\t\t\t\t\t\t\t\t\t<img decoding=\"async\" width=\"800\" height=\"800\" src=\"https:\/\/fustesprat.cat\/wp-content\/uploads\/2019\/03\/tablero-fibra-media-densidad.jpg\" class=\"attachment-full size-full wp-image-323\" alt=\"\" loading=\"lazy\" srcset=\"https:\/\/fustesprat.cat\/wp-content\/uploads\/2019\/03\/tablero-fibra-media-densidad.jpg 800w, https:\/\/fustesprat.cat\/wp-content\/uploads\/2019\/03\/tablero-fibra-media-densidad-150x150.jpg 150w, https:\/\/fustesprat.cat\/wp-content\/uploads\/2019\/03\/tablero-fibra-media-densidad-300x300.jpg 300w, https:\/\/fustesprat.cat\/wp-content\/uploads\/2019\/03\/tablero-fibra-media-densidad-768x768.jpg 768w\" sizes=\"(max-width: 800px) 100vw, 800px\" \/>\t\t\t\t\t\t\t\t\t\t\t\t\t\t<\/div>\n\t\t\t\t\t\t<\/div>\n\t\t\t\t<\/div>\n\t\t\t\t\t\t<\/div>\n\t\t\t\t\t<\/div>\n\t\t<\/div>\n\t\t\t\t\t\t\t\t<\/div>\n\t\t\t\t\t<\/div>\n\t\t<\/section>\n\t\t\t\t<section class=\"elementor-section elementor-top-section elementor-element elementor-element-4a855bdb elementor-section-boxed elementor-section-height-default elementor-section-height-default\" data-id=\"4a855bdb\" data-element_type=\"section\">\n\t\t\t\t\t\t<div class=\"elementor-container elementor-column-gap-default\">\n\t\t\t\t\t\t\t<div class=\"elementor-row\">\n\t\t\t\t\t<div class=\"elementor-column elementor-col-100 elementor-top-column elementor-element elementor-element-13c03501\" data-id=\"13c03501\" data-element_type=\"column\">\n\t\t\t<div class=\"elementor-column-wrap elementor-element-populated\">\n\t\t\t\t\t\t\t<div class=\"elementor-widget-wrap\">\n\t\t\t\t\t\t<div class=\"elementor-element elementor-element-b5c3785 elementor-widget elementor-widget-html\" data-id=\"b5c3785\" data-element_type=\"widget\" data-widget_type=\"html.default\">\n\t\t\t\t<div class=\"elementor-widget-container\">\n\t\t\t<table class=\"tablaMadera2\">\r\n<thead><tr><th title=\"Field #1\">EST\u00c0NDARD<\/th>\r\n<th title=\"Field #2\">7mm<\/th>\r\n<th title=\"Field #3\">10mm<\/th>\r\n<th title=\"Field #4\">12mm<\/th>\r\n<th title=\"Field #5\">16mm<\/th>\r\n<th title=\"Field #6\">19mm<\/th>\r\n<th title=\"Field #7\">22mm<\/th>\r\n<th title=\"Field #8\">25mm<\/th>\r\n<th title=\"Field #9\">30mm<\/th>\r\n<th title=\"Field #10\">35mm<\/th>\r\n<th title=\"Field #11\">40mm<\/th>\r\n<th title=\"Field #12\">50mm<\/th>\r\n<\/tr><\/thead>\r\n<tbody><tr>\r\n<td>2440x1220<\/td>\r\n<td>\u2b24<\/td>\r\n<td>\u2b24<\/td>\r\n<td>\u2b24<\/td>\r\n<td>\u2b24<\/td>\r\n<td>\u2b24<\/td>\r\n<td>\u2b24<\/td>\r\n<td>\u2b24<\/td>\r\n<td>\u2b24<\/td>\r\n<td>\u2b24<\/td>\r\n<td>\u2b24<\/td>\r\n<td> <\/td>\r\n<\/tr>\r\n<tr>\r\n<td>2440x2050<\/td>\r\n<td>\u2b24<\/td>\r\n<td> <\/td>\r\n<td> <\/td>\r\n<td> <\/td>\r\n<td> <\/td>\r\n<td> <\/td>\r\n<td> <\/td>\r\n<td> <\/td>\r\n<td> <\/td>\r\n<td> <\/td>\r\n<td><\/td>\r\n<\/tr>\r\n<tr>\r\n<td>2800x2070<\/td>\r\n<td> <\/td>\r\n<td>\u2b24<\/td>\r\n<td> <\/td>\r\n<td>\u2b24<\/td>\r\n<td>\u2b24<\/td>\r\n<td> <\/td>\r\n<td> <\/td>\r\n<td>\u2b24<\/td>\r\n<td> <\/td>\r\n<td> <\/td>\r\n<td>\u2b24<\/td>\r\n<\/tr>\r\n<tr>\r\n<td>3660x2070<\/td>\r\n<td> <\/td>\r\n<td>\u2b24<\/td>\r\n<td>\u2b24<\/td>\r\n<td>\u2b24<\/td>\r\n<td>\u2b24<\/td>\r\n<td>\u2b24<\/td>\r\n<td>\u2b24<\/td>\r\n<td>\u2b24<\/td>\r\n<td> <\/td>\r\n<td> <\/td>\r\n<td> <\/td>\r\n<\/tr>\r\n<\/tbody><\/table>\t\t<\/div>\n\t\t\t\t<\/div>\n\t\t\t\t\t\t<\/div>\n\t\t\t\t\t<\/div>\n\t\t<\/div>\n\t\t\t\t\t\t\t\t<\/div>\n\t\t\t\t\t<\/div>\n\t\t<\/section>\n\t\t\t\t<section class=\"elementor-section elementor-top-section elementor-element elementor-element-a03a15b elementor-section-boxed elementor-section-height-default elementor-section-height-default\" data-id=\"a03a15b\" data-element_type=\"section\">\n\t\t\t\t\t\t<div class=\"elementor-container elementor-column-gap-default\">\n\t\t\t\t\t\t\t<div class=\"elementor-row\">\n\t\t\t\t\t<div class=\"elementor-column elementor-col-100 elementor-top-column elementor-element elementor-element-30e883b\" data-id=\"30e883b\" data-element_type=\"column\">\n\t\t\t<div class=\"elementor-column-wrap elementor-element-populated\">\n\t\t\t\t\t\t\t<div class=\"elementor-widget-wrap\">\n\t\t\t\t\t\t<div class=\"elementor-element elementor-element-a0a2dfd elementor-widget elementor-widget-spacer\" data-id=\"a0a2dfd\" data-element_type=\"widget\" data-widget_type=\"spacer.default\">\n\t\t\t\t<div class=\"elementor-widget-container\">\n\t\t\t\t\t<div class=\"elementor-spacer\">\n\t\t\t<div class=\"elementor-spacer-inner\"><\/div>\n\t\t<\/div>\n\t\t\t\t<\/div>\n\t\t\t\t<\/div>\n\t\t\t\t<div class=\"elementor-element elementor-element-ce5570b elementor-widget elementor-widget-uael-advanced-heading\" data-id=\"ce5570b\" data-element_type=\"widget\" id=\"delgado\" data-widget_type=\"uael-advanced-heading.default\">\n\t\t\t\t<div class=\"elementor-widget-container\">\n\t\t\t\r\n\t\t<div class=\"uael-module-content uael-heading-wrapper\">\r\n\t\t\t\t\t\t\r\n\t\t\t<h2 class=\"uael-heading\">\r\n\t\t\t\t\t\t\t\t\t\t<span class=\"uael-heading-text elementor-inline-editing uael-size--default\" data-elementor-setting-key=\"heading_title\" data-elementor-inline-editing-toolbar=\"basic\">TAULER DE FIBRA DE MITJA DENSITAT PRIM EST\u00c0NDARD<\/span>\r\n\t\t\t\t\t\t\t<\/h2>\r\n\r\n\t\t\t\r\n\t\t\t\t\t\t<div class=\"uael-module-content uael-separator-parent\">\r\n\t\t\t\t\t\t\t\t\t\t\t\t\t<div class=\"uael-separator\"><\/div>\r\n\t\t\t\t\t\t\t<\/div>\r\n\t\t\t\r\n\t\t\t\r\n\t\t\t\t\t\t<\/div>\r\n\t\t\t\t<\/div>\n\t\t\t\t<\/div>\n\t\t\t\t\t\t<\/div>\n\t\t\t\t\t<\/div>\n\t\t<\/div>\n\t\t\t\t\t\t\t\t<\/div>\n\t\t\t\t\t<\/div>\n\t\t<\/section>\n\t\t\t\t<section class=\"elementor-section elementor-top-section elementor-element elementor-element-7b09b44 elementor-section-boxed elementor-section-height-default elementor-section-height-default\" data-id=\"7b09b44\" data-element_type=\"section\">\n\t\t\t\t\t\t<div class=\"elementor-container elementor-column-gap-default\">\n\t\t\t\t\t\t\t<div class=\"elementor-row\">\n\t\t\t\t\t<div class=\"elementor-column elementor-col-66 elementor-top-column elementor-element elementor-element-ee08fa2\" data-id=\"ee08fa2\" data-element_type=\"column\">\n\t\t\t<div class=\"elementor-column-wrap elementor-element-populated\">\n\t\t\t\t\t\t\t<div class=\"elementor-widget-wrap\">\n\t\t\t\t\t\t<div class=\"elementor-element elementor-element-88b2dc3 elementor-widget elementor-widget-text-editor\" data-id=\"88b2dc3\" data-element_type=\"widget\" data-widget_type=\"text-editor.default\">\n\t\t\t\t<div class=\"elementor-widget-container\">\n\t\t\t\t\t\t\t\t<div class=\"elementor-text-editor elementor-clearfix\">\n\t\t\t\t<p><strong>El MDF prim est\u00e0ndard \u00e9s un tauler per a \u00fas en interiors i en sec.<\/strong><\/p>\n<p>T\u00e9 una superf\u00edcie molt fina, un bon rendiment mec\u00e0nic aix\u00ed com una alta estabilitat i resist\u00e8ncia. Est\u00e0 classificat com E1 (baixes emissions en formaldehid).<\/p>\n\t\t\t\t\t<\/div>\n\t\t\t\t\t\t<\/div>\n\t\t\t\t<\/div>\n\t\t\t\t<div class=\"elementor-element elementor-element-bcb67fb elementor-widget elementor-widget-text-editor\" data-id=\"bcb67fb\" data-element_type=\"widget\" data-widget_type=\"text-editor.default\">\n\t\t\t\t<div class=\"elementor-widget-container\">\n\t\t\t\t\t\t\t\t<div class=\"elementor-text-editor elementor-clearfix\">\n\t\t\t\t<h3>Aplicacions<\/h3>\n<p>MDF prim est\u00e0ndard s&#8217;empra en diferents revestiments &#8211; xapats, laminats, pintats i vernissats, i en sectors com la fabricaci\u00f3 de mobles, calaixos, darreres, embalatges, carcasses, etc\u2026.<\/p>\n\t\t\t\t\t<\/div>\n\t\t\t\t\t\t<\/div>\n\t\t\t\t<\/div>\n\t\t\t\t<div class=\"elementor-element elementor-element-993b8e8 elementor-widget elementor-widget-html\" data-id=\"993b8e8\" data-element_type=\"widget\" data-widget_type=\"html.default\">\n\t\t\t\t<div class=\"elementor-widget-container\">\n\t\t\t<table class=\"tablaMadera2\">\r\n<thead>\r\n  <tr>\r\n    <th>MDF PRIM EST\u00c0NDARD<\/th>\r\n    <th>3mm<\/th>\r\n    <th>4mm<\/th>\r\n    <th>5mm<\/th>\r\n  <\/tr>\r\n<\/thead>\r\n<tbody>\r\n  <tr>\r\n    <td>2440x1220mm<\/td>\r\n    <td>\u2b24<\/td>\r\n    <td>\u2b24<\/td>\r\n    <td>\u2b24<\/td>\r\n  <\/tr>\r\n<\/tbody>\r\n<\/table>\t\t<\/div>\n\t\t\t\t<\/div>\n\t\t\t\t\t\t<\/div>\n\t\t\t\t\t<\/div>\n\t\t<\/div>\n\t\t\t\t<div class=\"elementor-column elementor-col-33 elementor-top-column elementor-element elementor-element-45b3ace\" data-id=\"45b3ace\" data-element_type=\"column\">\n\t\t\t<div class=\"elementor-column-wrap elementor-element-populated\">\n\t\t\t\t\t\t\t<div class=\"elementor-widget-wrap\">\n\t\t\t\t\t\t<div class=\"elementor-element elementor-element-81ab54f elementor-widget elementor-widget-image\" data-id=\"81ab54f\" data-element_type=\"widget\" data-widget_type=\"image.default\">\n\t\t\t\t<div class=\"elementor-widget-container\">\n\t\t\t\t\t\t\t\t<div class=\"elementor-image\">\n\t\t\t\t\t\t\t\t\t\t\t\t<img decoding=\"async\" width=\"800\" height=\"800\" src=\"https:\/\/fustesprat.cat\/wp-content\/uploads\/2020\/06\/mdf-delgado-estandar.jpg\" class=\"attachment-full size-full wp-image-1724\" alt=\"\" loading=\"lazy\" srcset=\"https:\/\/fustesprat.cat\/wp-content\/uploads\/2020\/06\/mdf-delgado-estandar.jpg 800w, https:\/\/fustesprat.cat\/wp-content\/uploads\/2020\/06\/mdf-delgado-estandar-300x300.jpg 300w, https:\/\/fustesprat.cat\/wp-content\/uploads\/2020\/06\/mdf-delgado-estandar-150x150.jpg 150w, https:\/\/fustesprat.cat\/wp-content\/uploads\/2020\/06\/mdf-delgado-estandar-768x768.jpg 768w\" sizes=\"(max-width: 800px) 100vw, 800px\" \/>\t\t\t\t\t\t\t\t\t\t\t\t\t\t<\/div>\n\t\t\t\t\t\t<\/div>\n\t\t\t\t<\/div>\n\t\t\t\t\t\t<\/div>\n\t\t\t\t\t<\/div>\n\t\t<\/div>\n\t\t\t\t\t\t\t\t<\/div>\n\t\t\t\t\t<\/div>\n\t\t<\/section>\n\t\t\t\t<section class=\"elementor-section elementor-top-section elementor-element elementor-element-5d20b4dc elementor-section-boxed elementor-section-height-default elementor-section-height-default\" data-id=\"5d20b4dc\" data-element_type=\"section\">\n\t\t\t\t\t\t<div class=\"elementor-container elementor-column-gap-default\">\n\t\t\t\t\t\t\t<div class=\"elementor-row\">\n\t\t\t\t\t<div class=\"elementor-column elementor-col-100 elementor-top-column elementor-element elementor-element-7f174e51\" data-id=\"7f174e51\" data-element_type=\"column\">\n\t\t\t<div class=\"elementor-column-wrap elementor-element-populated\">\n\t\t\t\t\t\t\t<div class=\"elementor-widget-wrap\">\n\t\t\t\t\t\t<div class=\"elementor-element elementor-element-1375d44 elementor-widget elementor-widget-spacer\" data-id=\"1375d44\" data-element_type=\"widget\" data-widget_type=\"spacer.default\">\n\t\t\t\t<div class=\"elementor-widget-container\">\n\t\t\t\t\t<div class=\"elementor-spacer\">\n\t\t\t<div class=\"elementor-spacer-inner\"><\/div>\n\t\t<\/div>\n\t\t\t\t<\/div>\n\t\t\t\t<\/div>\n\t\t\t\t<div class=\"elementor-element elementor-element-af1adcf elementor-widget elementor-widget-uael-advanced-heading\" data-id=\"af1adcf\" data-element_type=\"widget\" id=\"hidrofugo\" data-widget_type=\"uael-advanced-heading.default\">\n\t\t\t\t<div class=\"elementor-widget-container\">\n\t\t\t\r\n\t\t<div class=\"uael-module-content uael-heading-wrapper\">\r\n\t\t\t\t\t\t\r\n\t\t\t<h2 class=\"uael-heading\">\r\n\t\t\t\t\t\t\t\t\t\t<span class=\"uael-heading-text elementor-inline-editing uael-size--default\" data-elementor-setting-key=\"heading_title\" data-elementor-inline-editing-toolbar=\"basic\">MDF HIDR\u00d2FUG RESISTENT A LA HUMITAT<\/span>\r\n\t\t\t\t\t\t\t<\/h2>\r\n\r\n\t\t\t\r\n\t\t\t\t\t\t<div class=\"uael-module-content uael-separator-parent\">\r\n\t\t\t\t\t\t\t\t\t\t\t\t\t<div class=\"uael-separator\"><\/div>\r\n\t\t\t\t\t\t\t<\/div>\r\n\t\t\t\r\n\t\t\t\r\n\t\t\t\t\t\t<\/div>\r\n\t\t\t\t<\/div>\n\t\t\t\t<\/div>\n\t\t\t\t\t\t<\/div>\n\t\t\t\t\t<\/div>\n\t\t<\/div>\n\t\t\t\t\t\t\t\t<\/div>\n\t\t\t\t\t<\/div>\n\t\t<\/section>\n\t\t\t\t<section class=\"elementor-section elementor-top-section elementor-element elementor-element-7294aa98 elementor-section-boxed elementor-section-height-default elementor-section-height-default\" data-id=\"7294aa98\" data-element_type=\"section\">\n\t\t\t\t\t\t<div class=\"elementor-container elementor-column-gap-default\">\n\t\t\t\t\t\t\t<div class=\"elementor-row\">\n\t\t\t\t\t<div class=\"elementor-column elementor-col-66 elementor-top-column elementor-element elementor-element-754823f9\" data-id=\"754823f9\" data-element_type=\"column\">\n\t\t\t<div class=\"elementor-column-wrap elementor-element-populated\">\n\t\t\t\t\t\t\t<div class=\"elementor-widget-wrap\">\n\t\t\t\t\t\t<div class=\"elementor-element elementor-element-352364fc elementor-widget elementor-widget-text-editor\" data-id=\"352364fc\" data-element_type=\"widget\" data-widget_type=\"text-editor.default\">\n\t\t\t\t<div class=\"elementor-widget-container\">\n\t\t\t\t\t\t\t\t<div class=\"elementor-text-editor elementor-clearfix\">\n\t\t\t\t<p>MDF HIDR\u00d2FUG s\u00f3n taulers per a \u00fas en condicions seques i d&#8217;humitat.<\/p>\n<p>A difer\u00e8ncia de l&#8217;MDF est\u00e0ndard, mitjan\u00e7ant additius addicionals s&#8217;ha millorat el seu comportament a la humitat i \u00e9s idoni per a situacions en ambients humits d&#8217;interior. T\u00e9 una gran estabilitat dimensional i resist\u00e8ncia a l&#8217;impacte, aix\u00ed com un baix nivell d&#8217;inflament. Serveixen com a components estructurals en ambients humits.<\/p>\n<p>La majoria dels fabricants acoloreixen la fibra de color verd, per a distingir-la de la fibra est\u00e0ndard.<\/p>\n<p>Classe d&#8217;emissions: E1. En cas de voler emissions com el CARB2 o el NAF, consultar.<\/p>\n\t\t\t\t\t<\/div>\n\t\t\t\t\t\t<\/div>\n\t\t\t\t<\/div>\n\t\t\t\t<div class=\"elementor-element elementor-element-29e985b elementor-widget elementor-widget-text-editor\" data-id=\"29e985b\" data-element_type=\"widget\" data-widget_type=\"text-editor.default\">\n\t\t\t\t<div class=\"elementor-widget-container\">\n\t\t\t\t\t\t\t\t<div class=\"elementor-text-editor elementor-clearfix\">\n\t\t\t\t<h3>Aplicacions<\/h3>\n<p>MDF Hid\u00f3fugo s&#8217;empra en diferents revestiments &#8211; xapats, laminats, pintats i envernissats, i en sectors com la fabricaci\u00f3 de mobles, cuines, plafonats de portes, fabricaci\u00f3 de motllures i s\u00f2cols, estands de fires, entre d&#8217;altres. El MDF pot emprar-se tamb\u00e9 com a material de construcci\u00f3 com a substitutiu de la fusta en parets, sostres o separadors sense c\u00e0rrega.<\/p>\n\t\t\t\t\t<\/div>\n\t\t\t\t\t\t<\/div>\n\t\t\t\t<\/div>\n\t\t\t\t<div class=\"elementor-element elementor-element-5c4591c elementor-widget elementor-widget-html\" data-id=\"5c4591c\" data-element_type=\"widget\" data-widget_type=\"html.default\">\n\t\t\t\t<div class=\"elementor-widget-container\">\n\t\t\t<table class=\"tablaMadera2\">\r\n<thead>\r\n  <tr>\r\n    <th>HIDR\u00d2FUG<\/th>\r\n    <th>10mm<\/th>\r\n    <th>12mm<\/th>\r\n    <th>16mm<\/th>\r\n    <th>19mm<\/th>\r\n    <th>30mm<\/th>\r\n  <\/tr>\r\n<\/thead>\r\n<tbody>\r\n  <tr>\r\n    <td>2440x1220mm <\/td>\r\n    <td>\u2b24<\/td>\r\n    <td>\u2b24<\/td>\r\n    <td>\u2b24<\/td>\r\n    <td>\u2b24<\/td>\r\n    <td>\u2b24<\/td>\r\n  <\/tr>\r\n  <tr>\r\n    <td>2800x2070mm <\/td>\r\n    <td><\/td>\r\n    <td><\/td>\r\n    <td>\u2b24<\/td>\r\n    <td>\u2b24<\/td>\r\n    <td><\/td>\r\n  <\/tr>\r\n  <tr>\r\n    <td>2850x2100mm <\/td>\r\n    <td>\u2b24<\/td>\r\n    <td><\/td>\r\n    <td><\/td>\r\n    <td><\/td>\r\n    <td>\u2b24<\/td>\r\n  <\/tr>\r\n  <tr>\r\n    <td>3660x2070mm<\/td>\r\n    <td><\/td>\r\n    <td><\/td>\r\n    <td>\u2b24<\/td>\r\n    <td>\u2b24<\/td>\r\n    <td><\/td>\r\n  <\/tr>\r\n<\/tbody>\r\n<\/table>\t\t<\/div>\n\t\t\t\t<\/div>\n\t\t\t\t\t\t<\/div>\n\t\t\t\t\t<\/div>\n\t\t<\/div>\n\t\t\t\t<div class=\"elementor-column elementor-col-33 elementor-top-column elementor-element elementor-element-7f3170d1\" data-id=\"7f3170d1\" data-element_type=\"column\">\n\t\t\t<div class=\"elementor-column-wrap elementor-element-populated\">\n\t\t\t\t\t\t\t<div class=\"elementor-widget-wrap\">\n\t\t\t\t\t\t<div class=\"elementor-element elementor-element-51877598 elementor-widget elementor-widget-image\" data-id=\"51877598\" data-element_type=\"widget\" data-widget_type=\"image.default\">\n\t\t\t\t<div class=\"elementor-widget-container\">\n\t\t\t\t\t\t\t\t<div class=\"elementor-image\">\n\t\t\t\t\t\t\t\t\t\t\t\t<img decoding=\"async\" width=\"490\" height=\"360\" src=\"https:\/\/fustesprat.cat\/wp-content\/uploads\/2019\/03\/mdf-resistente-a-la-humedad.jpg\" class=\"attachment-full size-full wp-image-324\" alt=\"\" loading=\"lazy\" srcset=\"https:\/\/fustesprat.cat\/wp-content\/uploads\/2019\/03\/mdf-resistente-a-la-humedad.jpg 490w, https:\/\/fustesprat.cat\/wp-content\/uploads\/2019\/03\/mdf-resistente-a-la-humedad-300x220.jpg 300w\" sizes=\"(max-width: 490px) 100vw, 490px\" \/>\t\t\t\t\t\t\t\t\t\t\t\t\t\t<\/div>\n\t\t\t\t\t\t<\/div>\n\t\t\t\t<\/div>\n\t\t\t\t\t\t<\/div>\n\t\t\t\t\t<\/div>\n\t\t<\/div>\n\t\t\t\t\t\t\t\t<\/div>\n\t\t\t\t\t<\/div>\n\t\t<\/section>\n\t\t\t\t<section class=\"elementor-section elementor-top-section elementor-element elementor-element-11a16174 elementor-section-boxed elementor-section-height-default elementor-section-height-default\" data-id=\"11a16174\" data-element_type=\"section\">\n\t\t\t\t\t\t<div class=\"elementor-container elementor-column-gap-default\">\n\t\t\t\t\t\t\t<div class=\"elementor-row\">\n\t\t\t\t\t<div class=\"elementor-column elementor-col-100 elementor-top-column elementor-element elementor-element-4c617748\" data-id=\"4c617748\" data-element_type=\"column\">\n\t\t\t<div class=\"elementor-column-wrap elementor-element-populated\">\n\t\t\t\t\t\t\t<div class=\"elementor-widget-wrap\">\n\t\t\t\t\t\t<div class=\"elementor-element elementor-element-d035226 elementor-widget elementor-widget-spacer\" data-id=\"d035226\" data-element_type=\"widget\" data-widget_type=\"spacer.default\">\n\t\t\t\t<div class=\"elementor-widget-container\">\n\t\t\t\t\t<div class=\"elementor-spacer\">\n\t\t\t<div class=\"elementor-spacer-inner\"><\/div>\n\t\t<\/div>\n\t\t\t\t<\/div>\n\t\t\t\t<\/div>\n\t\t\t\t<div class=\"elementor-element elementor-element-4aa0a08e elementor-widget elementor-widget-uael-advanced-heading\" data-id=\"4aa0a08e\" data-element_type=\"widget\" id=\"firax\" data-widget_type=\"uael-advanced-heading.default\">\n\t\t\t\t<div class=\"elementor-widget-container\">\n\t\t\t\r\n\t\t<div class=\"uael-module-content uael-heading-wrapper\">\r\n\t\t\t\t\t\t\r\n\t\t\t<h2 class=\"uael-heading\">\r\n\t\t\t\t\t\t\t\t\t\t<span class=\"uael-heading-text elementor-inline-editing uael-size--default\" data-elementor-setting-key=\"heading_title\" data-elementor-inline-editing-toolbar=\"basic\">FIBRA IGN\u00cdFUGA FIRAX\u00ae I FIRAX\u00ae L RETARDANT AL FOC<\/span>\r\n\t\t\t\t\t\t\t<\/h2>\r\n\r\n\t\t\t\r\n\t\t\t\t\t\t<div class=\"uael-module-content uael-separator-parent\">\r\n\t\t\t\t\t\t\t\t\t\t\t\t\t<div class=\"uael-separator\"><\/div>\r\n\t\t\t\t\t\t\t<\/div>\r\n\t\t\t\r\n\t\t\t\r\n\t\t\t\t\t\t<\/div>\r\n\t\t\t\t<\/div>\n\t\t\t\t<\/div>\n\t\t\t\t\t\t<\/div>\n\t\t\t\t\t<\/div>\n\t\t<\/div>\n\t\t\t\t\t\t\t\t<\/div>\n\t\t\t\t\t<\/div>\n\t\t<\/section>\n\t\t\t\t<section class=\"elementor-section elementor-top-section elementor-element elementor-element-2f001b4d elementor-section-boxed elementor-section-height-default elementor-section-height-default\" data-id=\"2f001b4d\" data-element_type=\"section\">\n\t\t\t\t\t\t<div class=\"elementor-container elementor-column-gap-default\">\n\t\t\t\t\t\t\t<div class=\"elementor-row\">\n\t\t\t\t\t<div class=\"elementor-column elementor-col-66 elementor-top-column elementor-element elementor-element-4e79d7b8\" data-id=\"4e79d7b8\" data-element_type=\"column\">\n\t\t\t<div class=\"elementor-column-wrap elementor-element-populated\">\n\t\t\t\t\t\t\t<div class=\"elementor-widget-wrap\">\n\t\t\t\t\t\t<div class=\"elementor-element elementor-element-3ac7ff02 elementor-widget elementor-widget-text-editor\" data-id=\"3ac7ff02\" data-element_type=\"widget\" data-widget_type=\"text-editor.default\">\n\t\t\t\t<div class=\"elementor-widget-container\">\n\t\t\t\t\t\t\t\t<div class=\"elementor-text-editor elementor-clearfix\">\n\t\t\t\t<p><strong>Tauler de MDF d&#8217;alta densitat FIRAX (710-750 Kg\/m<sup>3<\/sup>) i mitja densitat FIRAX L (620 Kg\/m<sup>3<\/sup>) amb una superf\u00edcie dura i molt fina.<\/strong><\/p>\n<p>MDF Firax\u00ae t\u00e9 una baixa emissi\u00f3 de formaldehid (classe E1). A petici\u00f3, aquest panell de MDF pot subministrar-se amb un certificat PEFC, FSC o FSC Controlled Wood.<\/p>\n<p>El MDF Firax\u00ae \u00e9s escassament inflamable (classificaci\u00f3 europea de reacci\u00f3 al foc), t\u00e9 una combusti\u00f3 considerablement retardada i no contribueix a la propagaci\u00f3 de flames. Pels gruixos de 6 a 11,9 mm, MDF Firax\u00ae est\u00e0 certificat B-s2-d0 (norma EN 13501-1). Pels gruixos de 12 a 30 mm, MDF Firax\u00ae est\u00e0 certificat B-s1-d0 (norma EN 13501-1).<\/p>\n<p>El MDF Firax\u00ae est\u00e0 en principi tintat de color vermell. Aquest colorant nom\u00e9s s&#8217;utilitza amb finalitats de reconeixement. La intensitat del color vermell pot variar segons els diferents lots de producci\u00f3 i els gruixos.<\/p>\n\t\t\t\t\t<\/div>\n\t\t\t\t\t\t<\/div>\n\t\t\t\t<\/div>\n\t\t\t\t<div class=\"elementor-element elementor-element-8aaa6cf elementor-widget elementor-widget-text-editor\" data-id=\"8aaa6cf\" data-element_type=\"widget\" data-widget_type=\"text-editor.default\">\n\t\t\t\t<div class=\"elementor-widget-container\">\n\t\t\t\t\t\t\t\t<div class=\"elementor-text-editor elementor-clearfix\">\n\t\t\t\t<h3>Aplicacions<\/h3>\n<p>FIRAX s&#8217;empra en diferents revestiments &#8211; xapats, laminats, pintats i vernissats, i en sectors com la fabricaci\u00f3 de mobles, plafonats de portes, estands de fires, divisions, entre altres. El MDF pot emprar-se tamb\u00e9 com a material de construcci\u00f3 com a substitutiu de la fusta en parets, sostres o separadors sense c\u00e0rrega, i en qualsevol espai public que estigui subjecte a protecci\u00f3 contra el foc.<\/p>\n\t\t\t\t\t<\/div>\n\t\t\t\t\t\t<\/div>\n\t\t\t\t<\/div>\n\t\t\t\t\t\t<\/div>\n\t\t\t\t\t<\/div>\n\t\t<\/div>\n\t\t\t\t<div class=\"elementor-column elementor-col-33 elementor-top-column elementor-element elementor-element-204a1ccc\" data-id=\"204a1ccc\" data-element_type=\"column\">\n\t\t\t<div class=\"elementor-column-wrap elementor-element-populated\">\n\t\t\t\t\t\t\t<div class=\"elementor-widget-wrap\">\n\t\t\t\t\t\t<div class=\"elementor-element elementor-element-180a4ecd elementor-widget elementor-widget-image\" data-id=\"180a4ecd\" data-element_type=\"widget\" data-widget_type=\"image.default\">\n\t\t\t\t<div class=\"elementor-widget-container\">\n\t\t\t\t\t\t\t\t<div class=\"elementor-image\">\n\t\t\t\t\t\t\t\t\t\t\t\t<img decoding=\"async\" width=\"800\" height=\"800\" src=\"https:\/\/fustesprat.cat\/wp-content\/uploads\/2019\/03\/fibra-ignifuga.jpg\" class=\"attachment-full size-full wp-image-325\" alt=\"\" loading=\"lazy\" srcset=\"https:\/\/fustesprat.cat\/wp-content\/uploads\/2019\/03\/fibra-ignifuga.jpg 800w, https:\/\/fustesprat.cat\/wp-content\/uploads\/2019\/03\/fibra-ignifuga-150x150.jpg 150w, https:\/\/fustesprat.cat\/wp-content\/uploads\/2019\/03\/fibra-ignifuga-300x300.jpg 300w, https:\/\/fustesprat.cat\/wp-content\/uploads\/2019\/03\/fibra-ignifuga-768x768.jpg 768w\" sizes=\"(max-width: 800px) 100vw, 800px\" \/>\t\t\t\t\t\t\t\t\t\t\t\t\t\t<\/div>\n\t\t\t\t\t\t<\/div>\n\t\t\t\t<\/div>\n\t\t\t\t\t\t<\/div>\n\t\t\t\t\t<\/div>\n\t\t<\/div>\n\t\t\t\t\t\t\t\t<\/div>\n\t\t\t\t\t<\/div>\n\t\t<\/section>\n\t\t\t\t<section class=\"elementor-section elementor-top-section elementor-element elementor-element-684a2664 elementor-section-boxed elementor-section-height-default elementor-section-height-default\" data-id=\"684a2664\" data-element_type=\"section\">\n\t\t\t\t\t\t<div class=\"elementor-container elementor-column-gap-default\">\n\t\t\t\t\t\t\t<div class=\"elementor-row\">\n\t\t\t\t\t<div class=\"elementor-column elementor-col-100 elementor-top-column elementor-element elementor-element-7f36f2f\" data-id=\"7f36f2f\" data-element_type=\"column\">\n\t\t\t<div class=\"elementor-column-wrap elementor-element-populated\">\n\t\t\t\t\t\t\t<div class=\"elementor-widget-wrap\">\n\t\t\t\t\t\t<div class=\"elementor-element elementor-element-c275466 elementor-widget elementor-widget-html\" data-id=\"c275466\" data-element_type=\"widget\" data-widget_type=\"html.default\">\n\t\t\t\t<div class=\"elementor-widget-container\">\n\t\t\t<table class=\"tablaMadera2\">\r\n<thead>\r\n  <tr>\r\n    <th>IGN\u00cdFUGA<\/th>\r\n    <th>9mm<\/th>\r\n    <th>12mm<br>LIGHT<\/th>\r\n    <th>15mm<br>LIGHT<\/th>\r\n    <th>16mm<\/th>\r\n    <th>18mm<\/th>\r\n    <th>19mm<\/th>\r\n    <th>30mm<\/th>\r\n  <\/tr>\r\n<\/thead>\r\n<tbody>\r\n  <tr>\r\n    <td>2440x1220mm <\/td>\r\n    <td>\u2b24<\/td>\r\n    <td>\u2b24<\/td>\r\n    <td><\/td>\r\n    <td>\u2b24<\/td>\r\n    <td><\/td>\r\n    <td>\u2b24<\/td>\r\n    <td>\u2b24<\/td>\r\n  <\/tr>\r\n  <tr>\r\n    <td>3050x1220mm <\/td>\r\n    <td><\/td>\r\n    <td><\/td>\r\n    <td>\u2b24<\/td>\r\n    <td><\/td>\r\n    <td>\u2b24<\/td>\r\n    <td><\/td>\r\n    <td><\/td>\r\n  <\/tr>\r\n<\/tbody>\r\n<\/table>\t\t<\/div>\n\t\t\t\t<\/div>\n\t\t\t\t<div class=\"elementor-element elementor-element-2174525d elementor-widget elementor-widget-spacer\" data-id=\"2174525d\" data-element_type=\"widget\" data-widget_type=\"spacer.default\">\n\t\t\t\t<div class=\"elementor-widget-container\">\n\t\t\t\t\t<div class=\"elementor-spacer\">\n\t\t\t<div class=\"elementor-spacer-inner\"><\/div>\n\t\t<\/div>\n\t\t\t\t<\/div>\n\t\t\t\t<\/div>\n\t\t\t\t<div class=\"elementor-element elementor-element-602f87a elementor-widget elementor-widget-uael-advanced-heading\" data-id=\"602f87a\" data-element_type=\"widget\" id=\"fibracolour\" data-widget_type=\"uael-advanced-heading.default\">\n\t\t\t\t<div class=\"elementor-widget-container\">\n\t\t\t\r\n\t\t<div class=\"uael-module-content uael-heading-wrapper\">\r\n\t\t\t\t\t\t\r\n\t\t\t<h2 class=\"uael-heading\">\r\n\t\t\t\t\t\t\t\t\t\t<span class=\"uael-heading-text elementor-inline-editing uael-size--default\" data-elementor-setting-key=\"heading_title\" data-elementor-inline-editing-toolbar=\"basic\">FIBRACOLOUR NEGRE<\/span>\r\n\t\t\t\t\t\t\t<\/h2>\r\n\r\n\t\t\t\r\n\t\t\t\t\t\t<div class=\"uael-module-content uael-separator-parent\">\r\n\t\t\t\t\t\t\t\t\t\t\t\t\t<div class=\"uael-separator\"><\/div>\r\n\t\t\t\t\t\t\t<\/div>\r\n\t\t\t\r\n\t\t\t\r\n\t\t\t\t\t\t<\/div>\r\n\t\t\t\t<\/div>\n\t\t\t\t<\/div>\n\t\t\t\t\t\t<\/div>\n\t\t\t\t\t<\/div>\n\t\t<\/div>\n\t\t\t\t\t\t\t\t<\/div>\n\t\t\t\t\t<\/div>\n\t\t<\/section>\n\t\t\t\t<section class=\"elementor-section elementor-top-section elementor-element elementor-element-40e60f60 elementor-section-boxed elementor-section-height-default elementor-section-height-default\" data-id=\"40e60f60\" data-element_type=\"section\">\n\t\t\t\t\t\t<div class=\"elementor-container elementor-column-gap-default\">\n\t\t\t\t\t\t\t<div class=\"elementor-row\">\n\t\t\t\t\t<div class=\"elementor-column elementor-col-66 elementor-top-column elementor-element elementor-element-5ea6cd45\" data-id=\"5ea6cd45\" data-element_type=\"column\">\n\t\t\t<div class=\"elementor-column-wrap elementor-element-populated\">\n\t\t\t\t\t\t\t<div class=\"elementor-widget-wrap\">\n\t\t\t\t\t\t<div class=\"elementor-element elementor-element-1d93b109 elementor-widget elementor-widget-text-editor\" data-id=\"1d93b109\" data-element_type=\"widget\" data-widget_type=\"text-editor.default\">\n\t\t\t\t<div class=\"elementor-widget-container\">\n\t\t\t\t\t\t\t\t<div class=\"elementor-text-editor elementor-clearfix\">\n\t\t\t\t<p><strong>FIBRACOLOUR \u00e9s un tauler de fibres de fusta acolorit en tota la massa.<\/strong><\/p>\n<p>Ofereix noves possibilitats en el camp de la decoraci\u00f3 i l&#8217;interiorisme, permetent una gran varietat d&#8217;efectes est\u00e8tics i acabats innovadors, com les laques, ceres o vernissos transparents.<\/p>\n<p>Fibracolour \u00e9s un producte fabricat amb pigments en base aquosa no t\u00f2xics i amb una baixa concentraci\u00f3 de formaldehid (classificaci\u00f3 E1). Per tant, garanteix una conviv\u00e8ncia perfecta i segura amb el medi ambient i es presenta com a alternativa ideal per al seu \u00fas en espais tancats.<\/p>\n<p>Fibracolour li permet una f\u00e0cil i r\u00e0pida reparaci\u00f3 de possibles danys superficials. Un simple polit superficial corregeix esgarrapades o cops retornant el producte al seu estat original, sense observar-se canvis de tonalitat.<\/p>\n<p>Per a altres colors, consultar.<\/p>\n\t\t\t\t\t<\/div>\n\t\t\t\t\t\t<\/div>\n\t\t\t\t<\/div>\n\t\t\t\t<div class=\"elementor-element elementor-element-49047dc elementor-widget elementor-widget-text-editor\" data-id=\"49047dc\" data-element_type=\"widget\" data-widget_type=\"text-editor.default\">\n\t\t\t\t<div class=\"elementor-widget-container\">\n\t\t\t\t\t\t\t\t<div class=\"elementor-text-editor elementor-clearfix\">\n\t\t\t\t<h3>Aplicacions<\/h3>\n<p>Fibracolour \u00e9s un producte ideal per a utilitzar-lo en locals comercials, estands i expositors, tot tipus de mobiliari , mampares, revestiments, motllures, gravats en 3D, altaveus, etc\u2026<\/p>\n\t\t\t\t\t<\/div>\n\t\t\t\t\t\t<\/div>\n\t\t\t\t<\/div>\n\t\t\t\t<section class=\"elementor-section elementor-inner-section elementor-element elementor-element-6561da9a elementor-section-boxed elementor-section-height-default elementor-section-height-default\" data-id=\"6561da9a\" data-element_type=\"section\">\n\t\t\t\t\t\t<div class=\"elementor-container elementor-column-gap-default\">\n\t\t\t\t\t\t\t<div class=\"elementor-row\">\n\t\t\t\t\t<div class=\"elementor-column elementor-col-50 elementor-inner-column elementor-element elementor-element-569d52ec\" data-id=\"569d52ec\" data-element_type=\"column\">\n\t\t\t<div class=\"elementor-column-wrap elementor-element-populated\">\n\t\t\t\t\t\t\t<div class=\"elementor-widget-wrap\">\n\t\t\t\t\t\t<div class=\"elementor-element elementor-element-c12bca7 elementor-widget elementor-widget-html\" data-id=\"c12bca7\" data-element_type=\"widget\" data-widget_type=\"html.default\">\n\t\t\t\t<div class=\"elementor-widget-container\">\n\t\t\t<table class=\"tablaMadera2\">\r\n<thead><tr><th title=\"Field #1\">FIBRACOLOUR NEGRO<\/th>\r\n<th title=\"Field #2\">19 mm<\/th>\r\n<\/tr><\/thead>\r\n<tbody><tr>\r\n<td>2850x2100<\/td>\r\n<td>\u2b24<\/td>\r\n<\/tr>\r\n<\/tbody><\/table>\t\t<\/div>\n\t\t\t\t<\/div>\n\t\t\t\t\t\t<\/div>\n\t\t\t\t\t<\/div>\n\t\t<\/div>\n\t\t\t\t<div class=\"elementor-column elementor-col-50 elementor-inner-column elementor-element elementor-element-3197a2b5\" data-id=\"3197a2b5\" data-element_type=\"column\">\n\t\t\t<div class=\"elementor-column-wrap\">\n\t\t\t\t\t\t\t<div class=\"elementor-widget-wrap\">\n\t\t\t\t\t\t\t\t<\/div>\n\t\t\t\t\t<\/div>\n\t\t<\/div>\n\t\t\t\t\t\t\t\t<\/div>\n\t\t\t\t\t<\/div>\n\t\t<\/section>\n\t\t\t\t\t\t<\/div>\n\t\t\t\t\t<\/div>\n\t\t<\/div>\n\t\t\t\t<div class=\"elementor-column elementor-col-33 elementor-top-column elementor-element elementor-element-644a4bc8\" data-id=\"644a4bc8\" data-element_type=\"column\">\n\t\t\t<div class=\"elementor-column-wrap elementor-element-populated\">\n\t\t\t\t\t\t\t<div class=\"elementor-widget-wrap\">\n\t\t\t\t\t\t<div class=\"elementor-element elementor-element-e160e5c elementor-widget elementor-widget-image\" data-id=\"e160e5c\" data-element_type=\"widget\" data-widget_type=\"image.default\">\n\t\t\t\t<div class=\"elementor-widget-container\">\n\t\t\t\t\t\t\t\t<div class=\"elementor-image\">\n\t\t\t\t\t\t\t\t\t\t\t\t<img decoding=\"async\" width=\"2000\" height=\"930\" src=\"https:\/\/fustesprat.cat\/wp-content\/uploads\/2019\/03\/fibracolour-negro.jpg\" class=\"attachment-full size-full wp-image-330\" alt=\"\" loading=\"lazy\" srcset=\"https:\/\/fustesprat.cat\/wp-content\/uploads\/2019\/03\/fibracolour-negro.jpg 2000w, https:\/\/fustesprat.cat\/wp-content\/uploads\/2019\/03\/fibracolour-negro-300x140.jpg 300w, https:\/\/fustesprat.cat\/wp-content\/uploads\/2019\/03\/fibracolour-negro-768x357.jpg 768w, https:\/\/fustesprat.cat\/wp-content\/uploads\/2019\/03\/fibracolour-negro-1024x476.jpg 1024w\" sizes=\"(max-width: 2000px) 100vw, 2000px\" \/>\t\t\t\t\t\t\t\t\t\t\t\t\t\t<\/div>\n\t\t\t\t\t\t<\/div>\n\t\t\t\t<\/div>\n\t\t\t\t\t\t<\/div>\n\t\t\t\t\t<\/div>\n\t\t<\/div>\n\t\t\t\t\t\t\t\t<\/div>\n\t\t\t\t\t<\/div>\n\t\t<\/section>\n\t\t\t\t\t\t\t\t\t<\/div>\n\t\t\t<\/div>\n\t\t\t\t\t<\/div>\n\t\t","protected":false},"excerpt":{"rendered":"<p>Taulers de fibres mdf El MDF (Tauler de fibra de mitjana densitat), tamb\u00e9 conegut com DM, \u00e9s un tauler dissenyat i produ\u00eft a partir de fibres de fusta i resines sint\u00e8tiques, premsades a elevada pressi\u00f3 i calor. T\u00e9 una major densitat que l&#8217;aglomerat o el tauler contraxapat, que oscil\u00b7la entre els 600 i els 800 [&hellip;]<\/p>\n","protected":false},"featured_media":2792,"template":"","producto":[100],"etiqueta":[],"yoast_head":"<!-- This site is optimized with the Yoast SEO plugin v20.10 - https:\/\/yoast.com\/wordpress\/plugins\/seo\/ -->\n<title>Taulers de fibres mdf - Fustes Prat - Sucesores Prat<\/title>\n<meta name=\"robots\" content=\"index, follow, max-snippet:-1, max-image-preview:large, max-video-preview:-1\" \/>\n<link rel=\"canonical\" href=\"https:\/\/fustesprat.cat\/ca\/productes\/taulers-de-fibres-mdf\/\" \/>\n<meta property=\"og:locale\" content=\"ca_ES\" \/>\n<meta property=\"og:type\" content=\"article\" \/>\n<meta property=\"og:title\" content=\"Taulers de fibres mdf - Fustes Prat - Sucesores Prat\" \/>\n<meta property=\"og:description\" content=\"Taulers de fibres mdf El MDF (Tauler de fibra de mitjana densitat), tamb\u00e9 conegut com DM, \u00e9s un tauler dissenyat i produ\u00eft a partir de fibres de fusta i resines sint\u00e8tiques, premsades a elevada pressi\u00f3 i calor. T\u00e9 una major densitat que l&#8217;aglomerat o el tauler contraxapat, que oscil\u00b7la entre els 600 i els 800 [&hellip;]\" \/>\n<meta property=\"og:url\" content=\"https:\/\/fustesprat.cat\/ca\/productes\/taulers-de-fibres-mdf\/\" \/>\n<meta property=\"og:site_name\" content=\"Fustes Prat - Sucesores Prat\" \/>\n<meta property=\"article:modified_time\" content=\"2021-03-11T08:49:03+00:00\" \/>\n<meta property=\"og:image\" content=\"https:\/\/fustesprat.cat\/wp-content\/uploads\/2019\/03\/DestacadaFibraMDF.jpg\" \/>\n\t<meta property=\"og:image:width\" content=\"270\" \/>\n\t<meta property=\"og:image:height\" content=\"270\" \/>\n\t<meta property=\"og:image:type\" content=\"image\/jpeg\" \/>\n<meta name=\"twitter:card\" content=\"summary_large_image\" \/>\n<script type=\"application\/ld+json\" class=\"yoast-schema-graph\">{\"@context\":\"https:\/\/schema.org\",\"@graph\":[{\"@type\":\"WebPage\",\"@id\":\"https:\/\/fustesprat.cat\/ca\/productes\/taulers-de-fibres-mdf\/\",\"url\":\"https:\/\/fustesprat.cat\/ca\/productes\/taulers-de-fibres-mdf\/\",\"name\":\"Taulers de fibres mdf - Fustes Prat - Sucesores Prat\",\"isPartOf\":{\"@id\":\"https:\/\/fustesprat.cat\/ca\/#website\"},\"datePublished\":\"2021-01-19T18:01:26+00:00\",\"dateModified\":\"2021-03-11T08:49:03+00:00\",\"breadcrumb\":{\"@id\":\"https:\/\/fustesprat.cat\/ca\/productes\/taulers-de-fibres-mdf\/#breadcrumb\"},\"inLanguage\":\"ca\",\"potentialAction\":[{\"@type\":\"ReadAction\",\"target\":[\"https:\/\/fustesprat.cat\/ca\/productes\/taulers-de-fibres-mdf\/\"]}]},{\"@type\":\"BreadcrumbList\",\"@id\":\"https:\/\/fustesprat.cat\/ca\/productes\/taulers-de-fibres-mdf\/#breadcrumb\",\"itemListElement\":[{\"@type\":\"ListItem\",\"position\":1,\"name\":\"Portada\",\"item\":\"https:\/\/fustesprat.cat\/ca\/\"},{\"@type\":\"ListItem\",\"position\":2,\"name\":\"Productos\",\"item\":\"https:\/\/fustesprat.cat\/ca\/productes\/\"},{\"@type\":\"ListItem\",\"position\":3,\"name\":\"Taulers de fibres mdf\"}]},{\"@type\":\"WebSite\",\"@id\":\"https:\/\/fustesprat.cat\/ca\/#website\",\"url\":\"https:\/\/fustesprat.cat\/ca\/\",\"name\":\"Fustes Prat - Sucesores Prat\",\"description\":\"Tableros, puertas, parquets, tarimas, celos\u00edas, frisos, listonaje,cocinas. Todo en madera.\",\"publisher\":{\"@id\":\"https:\/\/fustesprat.cat\/ca\/#organization\"},\"potentialAction\":[{\"@type\":\"SearchAction\",\"target\":{\"@type\":\"EntryPoint\",\"urlTemplate\":\"https:\/\/fustesprat.cat\/ca\/?s={search_term_string}\"},\"query-input\":\"required name=search_term_string\"}],\"inLanguage\":\"ca\"},{\"@type\":\"Organization\",\"@id\":\"https:\/\/fustesprat.cat\/ca\/#organization\",\"name\":\"Sucesores Prat S.A.\",\"url\":\"https:\/\/fustesprat.cat\/ca\/\",\"logo\":{\"@type\":\"ImageObject\",\"inLanguage\":\"ca\",\"@id\":\"https:\/\/fustesprat.cat\/ca\/#\/schema\/logo\/image\/\",\"url\":\"https:\/\/fustesprat.cat\/wp-content\/uploads\/2020\/07\/logo-fustesprat.jpg\",\"contentUrl\":\"https:\/\/fustesprat.cat\/wp-content\/uploads\/2020\/07\/logo-fustesprat.jpg\",\"width\":583,\"height\":209,\"caption\":\"Sucesores Prat S.A.\"},\"image\":{\"@id\":\"https:\/\/fustesprat.cat\/ca\/#\/schema\/logo\/image\/\"}}]}<\/script>\n<!-- \/ Yoast SEO plugin. -->","yoast_head_json":{"title":"Taulers de fibres mdf - Fustes Prat - Sucesores Prat","robots":{"index":"index","follow":"follow","max-snippet":"max-snippet:-1","max-image-preview":"max-image-preview:large","max-video-preview":"max-video-preview:-1"},"canonical":"https:\/\/fustesprat.cat\/ca\/productes\/taulers-de-fibres-mdf\/","og_locale":"ca_ES","og_type":"article","og_title":"Taulers de fibres mdf - Fustes Prat - Sucesores Prat","og_description":"Taulers de fibres mdf El MDF (Tauler de fibra de mitjana densitat), tamb\u00e9 conegut com DM, \u00e9s un tauler dissenyat i produ\u00eft a partir de fibres de fusta i resines sint\u00e8tiques, premsades a elevada pressi\u00f3 i calor. T\u00e9 una major densitat que l&#8217;aglomerat o el tauler contraxapat, que oscil\u00b7la entre els 600 i els 800 [&hellip;]","og_url":"https:\/\/fustesprat.cat\/ca\/productes\/taulers-de-fibres-mdf\/","og_site_name":"Fustes Prat - Sucesores Prat","article_modified_time":"2021-03-11T08:49:03+00:00","og_image":[{"width":270,"height":270,"url":"https:\/\/fustesprat.cat\/wp-content\/uploads\/2019\/03\/DestacadaFibraMDF.jpg","type":"image\/jpeg"}],"twitter_card":"summary_large_image","schema":{"@context":"https:\/\/schema.org","@graph":[{"@type":"WebPage","@id":"https:\/\/fustesprat.cat\/ca\/productes\/taulers-de-fibres-mdf\/","url":"https:\/\/fustesprat.cat\/ca\/productes\/taulers-de-fibres-mdf\/","name":"Taulers de fibres mdf - Fustes Prat - Sucesores Prat","isPartOf":{"@id":"https:\/\/fustesprat.cat\/ca\/#website"},"datePublished":"2021-01-19T18:01:26+00:00","dateModified":"2021-03-11T08:49:03+00:00","breadcrumb":{"@id":"https:\/\/fustesprat.cat\/ca\/productes\/taulers-de-fibres-mdf\/#breadcrumb"},"inLanguage":"ca","potentialAction":[{"@type":"ReadAction","target":["https:\/\/fustesprat.cat\/ca\/productes\/taulers-de-fibres-mdf\/"]}]},{"@type":"BreadcrumbList","@id":"https:\/\/fustesprat.cat\/ca\/productes\/taulers-de-fibres-mdf\/#breadcrumb","itemListElement":[{"@type":"ListItem","position":1,"name":"Portada","item":"https:\/\/fustesprat.cat\/ca\/"},{"@type":"ListItem","position":2,"name":"Productos","item":"https:\/\/fustesprat.cat\/ca\/productes\/"},{"@type":"ListItem","position":3,"name":"Taulers de fibres mdf"}]},{"@type":"WebSite","@id":"https:\/\/fustesprat.cat\/ca\/#website","url":"https:\/\/fustesprat.cat\/ca\/","name":"Fustes Prat - Sucesores Prat","description":"Tableros, puertas, parquets, tarimas, celos\u00edas, frisos, listonaje,cocinas. Todo en madera.","publisher":{"@id":"https:\/\/fustesprat.cat\/ca\/#organization"},"potentialAction":[{"@type":"SearchAction","target":{"@type":"EntryPoint","urlTemplate":"https:\/\/fustesprat.cat\/ca\/?s={search_term_string}"},"query-input":"required name=search_term_string"}],"inLanguage":"ca"},{"@type":"Organization","@id":"https:\/\/fustesprat.cat\/ca\/#organization","name":"Sucesores Prat S.A.","url":"https:\/\/fustesprat.cat\/ca\/","logo":{"@type":"ImageObject","inLanguage":"ca","@id":"https:\/\/fustesprat.cat\/ca\/#\/schema\/logo\/image\/","url":"https:\/\/fustesprat.cat\/wp-content\/uploads\/2020\/07\/logo-fustesprat.jpg","contentUrl":"https:\/\/fustesprat.cat\/wp-content\/uploads\/2020\/07\/logo-fustesprat.jpg","width":583,"height":209,"caption":"Sucesores Prat S.A."},"image":{"@id":"https:\/\/fustesprat.cat\/ca\/#\/schema\/logo\/image\/"}}]}},"_links":{"self":[{"href":"https:\/\/fustesprat.cat\/ca\/wp-json\/wp\/v2\/productos\/2117"}],"collection":[{"href":"https:\/\/fustesprat.cat\/ca\/wp-json\/wp\/v2\/productos"}],"about":[{"href":"https:\/\/fustesprat.cat\/ca\/wp-json\/wp\/v2\/types\/productos"}],"version-history":[{"count":18,"href":"https:\/\/fustesprat.cat\/ca\/wp-json\/wp\/v2\/productos\/2117\/revisions"}],"predecessor-version":[{"id":3241,"href":"https:\/\/fustesprat.cat\/ca\/wp-json\/wp\/v2\/productos\/2117\/revisions\/3241"}],"wp:featuredmedia":[{"embeddable":true,"href":"https:\/\/fustesprat.cat\/ca\/wp-json\/wp\/v2\/media\/2792"}],"wp:attachment":[{"href":"https:\/\/fustesprat.cat\/ca\/wp-json\/wp\/v2\/media?parent=2117"}],"wp:term":[{"taxonomy":"producto","embeddable":true,"href":"https:\/\/fustesprat.cat\/ca\/wp-json\/wp\/v2\/producto?post=2117"},{"taxonomy":"etiqueta","embeddable":true,"href":"https:\/\/fustesprat.cat\/ca\/wp-json\/wp\/v2\/etiqueta?post=2117"}],"curies":[{"name":"wp","href":"https:\/\/api.w.org\/{rel}","templated":true}]}}